{"id":110,"date":"2021-11-04T14:28:23","date_gmt":"2021-11-04T13:28:23","guid":{"rendered":"http:\/\/www.atout-cycle.fr\/?page_id=110"},"modified":"2025-01-29T00:14:11","modified_gmt":"2025-01-28T23:14:11","slug":"les-offres","status":"publish","type":"page","link":"http:\/\/www.atout-cycle.fr\/?page_id=110","title":{"rendered":"Les offres"},"content":{"rendered":"\n<p>Nous pouvons vous proposer diff\u00e9rentes prestations sur Laval et ses alentours.<\/p>\n\n\n\n<ul><li>La CHARRETTE, remorque v\u00e9lo auto-tractrice, auto-freinante, et robuste<\/li><li>Les biporteurs sur mesure \u00e0 partir de v\u00e9los recycl\u00e9s<\/li><li><a href=\"https:\/\/tricyclos.wordpress.com\/motorisez-votre-velo\/\">Conversion de votre v\u00e9lo en v\u00e9lo \u00e0 assistance \u00e9lectrique<\/a><\/li><li>V\u00e9lo \u00e0 assistance \u00e9lectrique \u00a0cl\u00e9 en main \u00e0 partir de v\u00e9los d\u2019occasion, selon vos go\u00fbts<\/li><li><a rel=\"noreferrer noopener\" href=\"https:\/\/tricyclos.wordpress.com\/reparations-entretien-reglages\/\" target=\"_blank\">r\u00e9parations diverses \/ entretien<\/a><\/li><li>Customisations \/ modifications \/am\u00e9liorations diverses<\/li><li>Remorque sur mesure<\/li><li><\/li><li><a href=\"https:\/\/tricyclos.wordpress.com\/2019\/04\/02\/le-triporteur-amovible-un-outil-modulaire-et-accessible\/\">Module triporteur amovible<\/a> (\u00e0 venir)<\/li><\/ul>\n\n\n\n<p>Pour toute autre demande, cela peut s\u2019\u00e9tudier, <a href=\"https:\/\/tricyclos.wordpress.com\/contact\/\">contactez moi<\/a> pour m\u2019en faire part. Nous conviendrons ensemble de vos envies ou besoins.<br>Si n\u00e9cessaire, nous \u00e9tablissons &nbsp;rapidement un cahier des charges, pour lequel je vous ferai un devis au plus vite.<\/p>\n","protected":false},"excerpt":{"rendered":"<p>Nous pouvons vous proposer diff\u00e9rentes prestations sur Laval et ses alentours. La CHARRETTE, remorque v\u00e9lo auto-tractrice, auto-freinante, et robuste Les biporteurs sur mesure \u00e0 partir de v\u00e9los recycl\u00e9s Conversion de votre v\u00e9lo en v\u00e9lo \u00e0 assistance \u00e9lectrique V\u00e9lo \u00e0 assistance \u00e9lectrique \u00a0cl\u00e9 en main \u00e0 partir de v\u00e9los d\u2019occasion, selon vos go\u00fbts r\u00e9parations diverses \/ &hellip; <\/p>\n<p class=\"link-more\"><a href=\"http:\/\/www.atout-cycle.fr\/?page_id=110\" class=\"more-link\">Continuer la lecture<span class=\"screen-reader-text\"> de &laquo;&nbsp;Les offres&nbsp;&raquo;<\/span><\/a><\/p>\n","protected":false},"author":1,"featured_media":0,"parent":0,"menu_order":0,"comment_status":"closed","ping_status":"closed","template":"","meta":[],"_links":{"self":[{"href":"http:\/\/www.atout-cycle.fr\/index.php?rest_route=\/wp\/v2\/pages\/110"}],"collection":[{"href":"http:\/\/www.atout-cycle.fr\/index.php?rest_route=\/wp\/v2\/pages"}],"about":[{"href":"http:\/\/www.atout-cycle.fr\/index.php?rest_route=\/wp\/v2\/types\/page"}],"author":[{"embeddable":true,"href":"http:\/\/www.atout-cycle.fr\/index.php?rest_route=\/wp\/v2\/users\/1"}],"replies":[{"embeddable":true,"href":"http:\/\/www.atout-cycle.fr\/index.php?rest_route=%2Fwp%2Fv2%2Fcomments&post=110"}],"version-history":[{"count":2,"href":"http:\/\/www.atout-cycle.fr\/index.php?rest_route=\/wp\/v2\/pages\/110\/revisions"}],"predecessor-version":[{"id":444,"href":"http:\/\/www.atout-cycle.fr\/index.php?rest_route=\/wp\/v2\/pages\/110\/revisions\/444"}],"wp:attachment":[{"href":"http:\/\/www.atout-cycle.fr\/index.php?rest_route=%2Fwp%2Fv2%2Fmedia&parent=110"}],"curies":[{"name":"wp","href":"https:\/\/api.w.org\/{rel}","templated":true}]}}